{"id":128,"date":"2017-10-31T13:52:59","date_gmt":"2017-10-31T12:52:59","guid":{"rendered":"http:\/\/opcg.fr\/?page_id=128"},"modified":"2023-09-07T11:03:53","modified_gmt":"2023-09-07T09:03:53","slug":"equipes-autonomes","status":"publish","type":"page","link":"http:\/\/opcg.fr\/index.php\/equipes-autonomes\/","title":{"rendered":"\u00c9quipes autonomes"},"content":{"rendered":"<p>[et_pb_section fb_built=\u00a0\u00bb1&Prime; fullwidth=\u00a0\u00bbon\u00a0\u00bb _builder_version=\u00a0\u00bb3.0.47&Prime;][et_pb_fullwidth_image src=\u00a0\u00bbhttp:\/\/opcg.fr\/wp-content\/uploads\/2020\/02\/expression-3174967_1280.jpg\u00a0\u00bb _builder_version=\u00a0\u00bb3.0.76&Prime;][\/et_pb_fullwidth_image][\/et_pb_section][et_pb_section fb_built=\u00a0\u00bb1&Prime; _builder_version=\u00a0\u00bb3.0.76&Prime;][et_pb_row _builder_version=\u00a0\u00bb3.0.76&Prime;][et_pb_column type=\u00a0\u00bb4_4&Prime; _builder_version=\u00a0\u00bb3.0.47&Prime; parallax=\u00a0\u00bboff\u00a0\u00bb parallax_method=\u00a0\u00bbon\u00a0\u00bb][et_pb_text _builder_version=\u00a0\u00bb3.0.76&Prime;]<\/p>\n<h1 style=\"text-align: center;\"><strong>Pourquoi s&rsquo;int\u00e9resser aux \u00e9quipes autonomes ?<\/strong><\/h1>\n<p>[\/et_pb_text][\/et_pb_column][\/et_pb_row][et_pb_row _builder_version=\u00a0\u00bb3.0.76&Prime;][et_pb_column type=\u00a0\u00bb1_2&Prime; _builder_version=\u00a0\u00bb3.0.47&Prime; parallax=\u00a0\u00bboff\u00a0\u00bb parallax_method=\u00a0\u00bbon\u00a0\u00bb][et_pb_blurb title=\u00a0\u00bbPour l&rsquo;organisation\u00a0\u00bb use_icon=\u00a0\u00bbon\u00a0\u00bb font_icon=\u00a0\u00bb%%144%%\u00a0\u00bb icon_color=\u00a0\u00bb#ff7f00&Prime; admin_label=\u00a0\u00bbPour l&rsquo;organisation\u00a0\u00bb _builder_version=\u00a0\u00bb3.0.76&Prime; header_text_align=\u00a0\u00bbcenter\u00a0\u00bb text_orientation=\u00a0\u00bbcenter\u00a0\u00bb]<\/p>\n<p style=\"font-weight: 400; text-align: center;\"><strong><\/strong><\/p>\n<p style=\"font-weight: 400; text-align: center;\"><strong>Parce que les \u00e9quipes autonomes r\u00e9pondent mieux \u00e0 l&rsquo;accroissement du niveau de compl\u00e9xit\u00e9 et d&rsquo;incertitude<\/strong> auxquelles les organisations sont confront\u00e9es :<\/p>\n<p style=\"font-weight: 400; text-align: center;\">Les comp\u00e9tences sont rassembl\u00e9es sur le terrain, ce qui garantit mieux la <strong>satisfaction client<\/strong><\/p>\n<p style=\"font-weight: 400; text-align: center;\">La cha\u00eene de d\u00e9cision est plus courte donc les <strong>d\u00e9lais<\/strong> sont <strong>am\u00e9lior\u00e9s<\/strong><\/p>\n<p style=\"font-weight: 400; text-align: center;\"><strong>Les ressources<\/strong> sont mieux cibl\u00e9es donc plus <strong>optimis\u00e9es<\/strong><\/p>\n<p style=\"font-weight: 400; text-align: center;\">L&rsquo;innovation est facilit\u00e9e gr\u00e2ce aux <strong>singularit\u00e9s d\u00e9velopp\u00e9es<\/strong> par les op\u00e9rationnels<\/p>\n<p>[\/et_pb_blurb][\/et_pb_column][et_pb_column type=\u00a0\u00bb1_2&Prime; _builder_version=\u00a0\u00bb3.0.47&Prime; parallax=\u00a0\u00bboff\u00a0\u00bb parallax_method=\u00a0\u00bbon\u00a0\u00bb][et_pb_blurb title=\u00a0\u00bbPour les salari\u00e9s et le management\u00a0\u00bb use_icon=\u00a0\u00bbon\u00a0\u00bb font_icon=\u00a0\u00bb%%259%%\u00a0\u00bb icon_color=\u00a0\u00bb#fc8600&Prime; admin_label=\u00a0\u00bbPour les salari\u00e9s et le management\u00a0\u00bb _builder_version=\u00a0\u00bb3.0.76&Prime; text_orientation=\u00a0\u00bbcenter\u00a0\u00bb]<\/p>\n<p style=\"font-weight: 400; text-align: center;\">\n<p style=\"font-weight: 400; text-align: center;\"><strong>Parce que les \u00e9quipes autonomes remettent du sens chez chacun des salari\u00e9s<\/strong>, chacun sait pourquoi il est l\u00e0 et comment il peut contribuer au collectif :<\/p>\n<p style=\"font-weight: 400; text-align: center;\">Les conditions au d\u00e9veloppement de la<strong> motivation<\/strong> sont accrues, chaque salari\u00e9 n&rsquo;est pas r\u00e9duit \u00e0 une simple variable d&rsquo;ajustement<\/p>\n<p style=\"font-weight: 400; text-align: center;\">La <strong>d\u00e9fiance<\/strong> des salari\u00e9s au niveau de l&rsquo;organisation est <strong>r\u00e9duite<\/strong><\/p>\n<p>[\/et_pb_blurb][\/et_pb_column][\/et_pb_row][et_pb_row _builder_version=\u00a0\u00bb3.0.76&Prime;][et_pb_column type=\u00a0\u00bb4_4&Prime; _builder_version=\u00a0\u00bb3.0.76&Prime; parallax=\u00a0\u00bboff\u00a0\u00bb parallax_method=\u00a0\u00bbon\u00a0\u00bb][et_pb_divider color=\u00a0\u00bb#050505&Prime; show_divider=\u00a0\u00bbon\u00a0\u00bb _builder_version=\u00a0\u00bb3.0.76&Prime;][\/et_pb_divider][\/et_pb_column][\/et_pb_row][et_pb_row _builder_version=\u00a0\u00bb3.0.76&Prime;][et_pb_column type=\u00a0\u00bb4_4&Prime; _builder_version=\u00a0\u00bb3.0.76&Prime; parallax=\u00a0\u00bboff\u00a0\u00bb parallax_method=\u00a0\u00bbon\u00a0\u00bb][et_pb_text _builder_version=\u00a0\u00bb3.0.76&Prime;]<\/p>\n<h1 style=\"text-align: center;\"><strong>Une \u00e9quipe autonome c&rsquo;est quoi ?<\/strong><\/h1>\n<p>[\/et_pb_text][\/et_pb_column][\/et_pb_row][et_pb_row _builder_version=\u00a0\u00bb3.0.76&Prime;][et_pb_column type=\u00a0\u00bb1_4&Prime; _builder_version=\u00a0\u00bb3.0.76&Prime; parallax=\u00a0\u00bboff\u00a0\u00bb parallax_method=\u00a0\u00bbon\u00a0\u00bb][et_pb_blurb use_icon=\u00a0\u00bbon\u00a0\u00bb font_icon=\u00a0\u00bb%%176%%\u00a0\u00bb icon_color=\u00a0\u00bb#ff8223&Prime; _builder_version=\u00a0\u00bb3.0.76&Prime;]<\/p>\n<p style=\"text-align: center;\">La fabrication proprement dite avec la mise en route et r\u00e9glage des \u00e9quipements, les changements d&rsquo;outils<\/p>\n<p>[\/et_pb_blurb][\/et_pb_column][et_pb_column type=\u00a0\u00bb1_4&Prime; _builder_version=\u00a0\u00bb3.0.76&Prime; parallax=\u00a0\u00bboff\u00a0\u00bb parallax_method=\u00a0\u00bbon\u00a0\u00bb][et_pb_blurb use_icon=\u00a0\u00bbon\u00a0\u00bb font_icon=\u00a0\u00bb%%173%%\u00a0\u00bb icon_color=\u00a0\u00bb#ff8223&Prime; _builder_version=\u00a0\u00bb3.0.76&Prime;]<\/p>\n<p style=\"text-align: center;\">L&rsquo;entretien de l&rsquo;espace de travail et des \u00e9quipements voire le changement de certaines pi\u00e8ces d\u00e9tach\u00e9es<\/p>\n<p>[\/et_pb_blurb][\/et_pb_column][et_pb_column type=\u00a0\u00bb1_4&Prime; _builder_version=\u00a0\u00bb3.0.76&Prime; parallax=\u00a0\u00bboff\u00a0\u00bb parallax_method=\u00a0\u00bbon\u00a0\u00bb][et_pb_blurb use_icon=\u00a0\u00bbon\u00a0\u00bb font_icon=\u00a0\u00bb%%273%%\u00a0\u00bb icon_color=\u00a0\u00bb#ff8223&Prime; _builder_version=\u00a0\u00bb3.0.76&Prime;]<\/p>\n<p style=\"text-align: center;\">Le contr\u00f4le qualit\u00e9 des produits ex\u00e9cut\u00e9s et l&rsquo;approvisionnement en mati\u00e8res premi\u00e8res<\/p>\n<p>[\/et_pb_blurb][\/et_pb_column][et_pb_column type=\u00a0\u00bb1_4&Prime; _builder_version=\u00a0\u00bb3.0.76&Prime; parallax=\u00a0\u00bboff\u00a0\u00bb parallax_method=\u00a0\u00bbon\u00a0\u00bb][et_pb_blurb use_icon=\u00a0\u00bbon\u00a0\u00bb font_icon=\u00a0\u00bb%%259%%\u00a0\u00bb icon_color=\u00a0\u00bb#ff8223&Prime; _builder_version=\u00a0\u00bb3.0.76&Prime;]<\/p>\n<p style=\"text-align: center;\">La gestion des Ressources Humaines avec l&rsquo;accueil et la formation des nouveaux embauch\u00e9s, et la gestion des absences<\/p>\n<p>[\/et_pb_blurb][\/et_pb_column][\/et_pb_row][et_pb_row _builder_version=\u00a0\u00bb3.0.76&Prime;][et_pb_column type=\u00a0\u00bb4_4&Prime; _builder_version=\u00a0\u00bb3.0.47&Prime; parallax=\u00a0\u00bboff\u00a0\u00bb parallax_method=\u00a0\u00bbon\u00a0\u00bb][et_pb_image src=\u00a0\u00bbhttp:\/\/opcg.fr\/wp-content\/uploads\/2020\/02\/success-2081168_1280.jpg\u00a0\u00bb align=\u00a0\u00bbright\u00a0\u00bb _builder_version=\u00a0\u00bb3.0.76&Prime; max_width=\u00a0\u00bb59%\u00a0\u00bb module_alignment=\u00a0\u00bbcenter\u00a0\u00bb][\/et_pb_image][et_pb_divider color=\u00a0\u00bb#000000&Prime; show_divider=\u00a0\u00bbon\u00a0\u00bb divider_style=\u00a0\u00bbsolid\u00a0\u00bb divider_position=\u00a0\u00bbtop\u00a0\u00bb _builder_version=\u00a0\u00bb3.0.76&Prime;][\/et_pb_divider][et_pb_text _builder_version=\u00a0\u00bb3.0.76&Prime;]<\/p>\n<h1 style=\"text-align: center;\"><strong>Les b\u00e9n\u00e9fices attendus<br \/>\n<\/strong><\/h1>\n<p>[\/et_pb_text][\/et_pb_column][\/et_pb_row][et_pb_row _builder_version=\u00a0\u00bb3.0.76&Prime;][et_pb_column type=\u00a0\u00bb1_4&Prime; _builder_version=\u00a0\u00bb3.0.76&Prime; parallax=\u00a0\u00bboff\u00a0\u00bb parallax_method=\u00a0\u00bbon\u00a0\u00bb][et_pb_blurb use_icon=\u00a0\u00bbon\u00a0\u00bb font_icon=\u00a0\u00bb%%158%%\u00a0\u00bb icon_color=\u00a0\u00bb#ff8223&Prime; _builder_version=\u00a0\u00bb3.0.76&Prime;]<\/p>\n<p style=\"text-align: center;\"><strong>Une am\u00e9lioration de la Valeur Ajout\u00e9e de plus de 5% d\u00e8s la premi\u00e8re ann\u00e9e<\/strong><\/p>\n<p>[\/et_pb_blurb][\/et_pb_column][et_pb_column type=\u00a0\u00bb1_4&Prime; _builder_version=\u00a0\u00bb3.0.76&Prime; parallax=\u00a0\u00bboff\u00a0\u00bb parallax_method=\u00a0\u00bbon\u00a0\u00bb][et_pb_blurb use_icon=\u00a0\u00bbon\u00a0\u00bb font_icon=\u00a0\u00bb%%5%%\u00a0\u00bb icon_color=\u00a0\u00bb#ff8223&Prime; _builder_version=\u00a0\u00bb3.0.76&Prime;]<\/p>\n<p style=\"text-align: center;\">Un <strong>taux de service augment\u00e9 de 3%<\/strong><\/p>\n<p>[\/et_pb_blurb][\/et_pb_column][et_pb_column type=\u00a0\u00bb1_4&Prime; _builder_version=\u00a0\u00bb3.0.76&Prime; parallax=\u00a0\u00bboff\u00a0\u00bb parallax_method=\u00a0\u00bbon\u00a0\u00bb][et_pb_blurb use_icon=\u00a0\u00bbon\u00a0\u00bb font_icon=\u00a0\u00bb%%75%%\u00a0\u00bb icon_color=\u00a0\u00bb#ff8223&Prime; _builder_version=\u00a0\u00bb3.0.76&Prime;]<\/p>\n<p style=\"text-align: center;\">Le taux de fr\u00e9quence des accidents du travail r\u00e9duit de 25%<\/p>\n<p>[\/et_pb_blurb][\/et_pb_column][et_pb_column type=\u00a0\u00bb1_4&Prime; _builder_version=\u00a0\u00bb3.0.76&Prime; parallax=\u00a0\u00bboff\u00a0\u00bb parallax_method=\u00a0\u00bbon\u00a0\u00bb][et_pb_blurb use_icon=\u00a0\u00bbon\u00a0\u00bb font_icon=\u00a0\u00bb%%6%%\u00a0\u00bb icon_color=\u00a0\u00bb#ff8223&Prime; _builder_version=\u00a0\u00bb3.0.76&Prime;]<\/p>\n<p style=\"text-align: center;\">L&rsquo;<strong>absent\u00e9isme r\u00e9duit de 50%<\/strong><\/p>\n<p>[\/et_pb_blurb][\/et_pb_column][\/et_pb_row][et_pb_row _builder_version=\u00a0\u00bb3.0.76&Prime;][et_pb_column type=\u00a0\u00bb4_4&Prime; _builder_version=\u00a0\u00bb3.0.47&Prime; parallax=\u00a0\u00bboff\u00a0\u00bb parallax_method=\u00a0\u00bbon\u00a0\u00bb][et_pb_divider color=\u00a0\u00bb#000000&Prime; show_divider=\u00a0\u00bbon\u00a0\u00bb divider_style=\u00a0\u00bbsolid\u00a0\u00bb divider_position=\u00a0\u00bbtop\u00a0\u00bb _builder_version=\u00a0\u00bb3.0.76&Prime;][\/et_pb_divider][\/et_pb_column][\/et_pb_row][et_pb_row _builder_version=\u00a0\u00bb3.0.76&Prime;][et_pb_column type=\u00a0\u00bb4_4&Prime; _builder_version=\u00a0\u00bb3.0.76&Prime; parallax=\u00a0\u00bboff\u00a0\u00bb parallax_method=\u00a0\u00bbon\u00a0\u00bb][et_pb_text _builder_version=\u00a0\u00bb3.0.76&Prime;]<\/p>\n<h1 style=\"text-align: center;\"><strong>Les conditions de r\u00e9ussite<\/strong><\/h1>\n<p>[\/et_pb_text][\/et_pb_column][\/et_pb_row][et_pb_row _builder_version=\u00a0\u00bb3.0.76&Prime;][et_pb_column type=\u00a0\u00bb1_4&Prime; _builder_version=\u00a0\u00bb3.0.76&Prime; parallax=\u00a0\u00bboff\u00a0\u00bb parallax_method=\u00a0\u00bbon\u00a0\u00bb][et_pb_blurb use_icon=\u00a0\u00bbon\u00a0\u00bb font_icon=\u00a0\u00bb%%70%%\u00a0\u00bb icon_color=\u00a0\u00bb#ff8223&Prime; _builder_version=\u00a0\u00bb3.0.76&Prime;]<\/p>\n<p style=\"text-align: center;\">Mettre en place des \u00e9quipes autonomes ne se r\u00e9duit <strong>pas \u00e0 une simple modalit\u00e9, \u00e0 une nouvelle mode<\/strong><\/p>\n<p>[\/et_pb_blurb][\/et_pb_column][et_pb_column type=\u00a0\u00bb1_4&Prime; _builder_version=\u00a0\u00bb3.0.76&Prime; parallax=\u00a0\u00bboff\u00a0\u00bb parallax_method=\u00a0\u00bbon\u00a0\u00bb][et_pb_blurb use_icon=\u00a0\u00bbon\u00a0\u00bb font_icon=\u00a0\u00bb%%86%%\u00a0\u00bb icon_color=\u00a0\u00bb#ff8223&Prime; _builder_version=\u00a0\u00bb3.0.76&Prime;]<\/p>\n<p style=\"text-align: center;\">Son bon fonctionnement demande un <strong>alignement strat\u00e9gique allant du top management au terrain<\/strong><\/p>\n<p>[\/et_pb_blurb][\/et_pb_column][et_pb_column type=\u00a0\u00bb1_4&Prime; _builder_version=\u00a0\u00bb3.0.76&Prime; parallax=\u00a0\u00bboff\u00a0\u00bb parallax_method=\u00a0\u00bbon\u00a0\u00bb][et_pb_blurb use_icon=\u00a0\u00bbon\u00a0\u00bb font_icon=\u00a0\u00bb%%258%%\u00a0\u00bb icon_color=\u00a0\u00bb#ff8223&Prime; _builder_version=\u00a0\u00bb3.0.76&Prime;]<\/p>\n<p style=\"text-align: center;\"><strong>Avoir la conviction que le salari\u00e9 est une personne<\/strong> et n&rsquo;est pas r\u00e9duit \u00e0 son seul poste de travail<strong><\/strong><\/p>\n<p>[\/et_pb_blurb][\/et_pb_column][et_pb_column type=\u00a0\u00bb1_4&Prime; _builder_version=\u00a0\u00bb3.0.76&Prime; parallax=\u00a0\u00bboff\u00a0\u00bb parallax_method=\u00a0\u00bbon\u00a0\u00bb][et_pb_blurb use_icon=\u00a0\u00bbon\u00a0\u00bb font_icon=\u00a0\u00bb%%103%%\u00a0\u00bb icon_color=\u00a0\u00bb#ff8223&Prime; _builder_version=\u00a0\u00bb3.0.76&Prime;]<\/p>\n<p style=\"text-align: center;\"><strong>La capitalisation des connaissances devient l&rsquo;ADN de l&rsquo;\u00e9quipe<\/strong><\/p>\n<p>[\/et_pb_blurb][\/et_pb_column][\/et_pb_row][et_pb_row _builder_version=\u00a0\u00bb3.0.76&Prime;][et_pb_column type=\u00a0\u00bb4_4&Prime; _builder_version=\u00a0\u00bb3.0.47&Prime; parallax=\u00a0\u00bboff\u00a0\u00bb parallax_method=\u00a0\u00bbon\u00a0\u00bb][et_pb_image src=\u00a0\u00bbhttp:\/\/opcg.fr\/wp-content\/uploads\/2020\/02\/download-1002802_1920.jpg\u00a0\u00bb _builder_version=\u00a0\u00bb3.0.76&Prime; max_width=\u00a0\u00bb22%\u00a0\u00bb module_alignment=\u00a0\u00bbcenter\u00a0\u00bb][\/et_pb_image][et_pb_divider color=\u00a0\u00bb#000000&Prime; show_divider=\u00a0\u00bbon\u00a0\u00bb divider_style=\u00a0\u00bbsolid\u00a0\u00bb divider_position=\u00a0\u00bbtop\u00a0\u00bb _builder_version=\u00a0\u00bb3.0.76&Prime;][\/et_pb_divider][\/et_pb_column][\/et_pb_row][et_pb_row _builder_version=\u00a0\u00bb3.0.76&Prime;][et_pb_column type=\u00a0\u00bb4_4&Prime; _builder_version=\u00a0\u00bb3.0.47&Prime; parallax=\u00a0\u00bboff\u00a0\u00bb parallax_method=\u00a0\u00bbon\u00a0\u00bb][et_pb_text admin_label=\u00a0\u00bbNotre offre de services et de formations\u00a0\u00bb _builder_version=\u00a0\u00bb3.0.76&Prime;]<\/p>\n<h1 style=\"text-align: center;\"><strong>Notre offre de services et de formations<\/strong><\/h1>\n<p>[\/et_pb_text][\/et_pb_column][\/et_pb_row][et_pb_row _builder_version=\u00a0\u00bb3.0.76&Prime;][et_pb_column type=\u00a0\u00bb1_3&Prime; _builder_version=\u00a0\u00bb3.0.47&Prime; parallax=\u00a0\u00bboff\u00a0\u00bb parallax_method=\u00a0\u00bbon\u00a0\u00bb][et_pb_blurb title=\u00a0\u00bbFormation\u00a0\u00bb use_icon=\u00a0\u00bbon\u00a0\u00bb font_icon=\u00a0\u00bb%%305%%\u00a0\u00bb icon_color=\u00a0\u00bb#ff8c00&Prime; admin_label=\u00a0\u00bbFormation PolyConfiance\u00a0\u00bb _builder_version=\u00a0\u00bb3.0.76&Prime; header_text_align=\u00a0\u00bbcenter\u00a0\u00bb body_text_align=\u00a0\u00bbcenter\u00a0\u00bb text_orientation=\u00a0\u00bbcenter\u00a0\u00bb]<\/p>\n<p style=\"text-align: center;\">Equipes autonomes pour les op\u00e9rationnels<\/p>\n<p>[\/et_pb_blurb][\/et_pb_column][et_pb_column type=\u00a0\u00bb1_3&Prime; _builder_version=\u00a0\u00bb3.0.47&Prime; parallax=\u00a0\u00bboff\u00a0\u00bb parallax_method=\u00a0\u00bbon\u00a0\u00bb][et_pb_blurb title=\u00a0\u00bbFormation\u00a0\u00bb use_icon=\u00a0\u00bbon\u00a0\u00bb font_icon=\u00a0\u00bb%%275%%\u00a0\u00bb icon_color=\u00a0\u00bb#fc8a00&Prime; admin_label=\u00a0\u00bbCoaching d&rsquo;Organisation\u00a0\u00bb _builder_version=\u00a0\u00bb3.0.76&Prime; header_text_align=\u00a0\u00bbcenter\u00a0\u00bb body_text_align=\u00a0\u00bbcenter\u00a0\u00bb text_orientation=\u00a0\u00bbcenter\u00a0\u00bb]<\/p>\n<p style=\"text-align: center;\">Manager les \u00e9quipes autonomes<\/p>\n<p>[\/et_pb_blurb][\/et_pb_column][et_pb_column type=\u00a0\u00bb1_3&Prime; _builder_version=\u00a0\u00bb3.0.47&Prime; parallax=\u00a0\u00bboff\u00a0\u00bb parallax_method=\u00a0\u00bbon\u00a0\u00bb][et_pb_blurb title=\u00a0\u00bbAccompagnement\u00a0\u00bb use_icon=\u00a0\u00bbon\u00a0\u00bb font_icon=\u00a0\u00bb%%270%%\u00a0\u00bb icon_color=\u00a0\u00bb#fc8a00&Prime; admin_label=\u00a0\u00bbCoaching d&rsquo;Organisation\u00a0\u00bb _builder_version=\u00a0\u00bb3.0.76&Prime; header_text_align=\u00a0\u00bbcenter\u00a0\u00bb body_text_align=\u00a0\u00bbcenter\u00a0\u00bb text_orientation=\u00a0\u00bbcenter\u00a0\u00bb]<\/p>\n<p style=\"text-align: center;\">Accompagnement de l&rsquo;Organisation aux \u00e9quipes autonomes<\/p>\n<p>[\/et_pb_blurb][\/et_pb_column][\/et_pb_row][et_pb_row _builder_version=\u00a0\u00bb3.0.76&Prime; module_alignment=\u00a0\u00bbcenter\u00a0\u00bb][et_pb_column type=\u00a0\u00bb4_4&Prime; _builder_version=\u00a0\u00bb3.0.47&Prime; parallax=\u00a0\u00bboff\u00a0\u00bb parallax_method=\u00a0\u00bbon\u00a0\u00bb][et_pb_cta button_url=\u00a0\u00bbhttps:\/\/documentcloud.adobe.com\/link\/track?uri=urn:aaid:scds:US:12193db2-1ea8-401a-a9fb-41bae833f59a\u00a0\u00bb button_text=\u00a0\u00bbNos offres de formation\u00a0\u00bb use_background_color=\u00a0\u00bboff\u00a0\u00bb _builder_version=\u00a0\u00bb3.0.76&Prime; header_text_align=\u00a0\u00bbcenter\u00a0\u00bb header_text_color=\u00a0\u00bb#ff7f00&Prime; body_text_color=\u00a0\u00bb#ff7f00&Prime; max_width=\u00a0\u00bb50%\u00a0\u00bb module_alignment=\u00a0\u00bbcenter\u00a0\u00bb button_alignment=\u00a0\u00bbcenter\u00a0\u00bb][\/et_pb_cta][\/et_pb_column][\/et_pb_row][\/et_pb_section]<\/p>\n","protected":false},"excerpt":{"rendered":"<p>[et_pb_section fb_built=\u00a0\u00bb1&Prime; fullwidth=\u00a0\u00bbon\u00a0\u00bb _builder_version=\u00a0\u00bb3.0.47&Prime;][et_pb_fullwidth_image src=\u00a0\u00bbhttp:\/\/opcg.fr\/wp-content\/uploads\/2020\/02\/expression-3174967_1280.jpg\u00a0\u00bb _builder_version=\u00a0\u00bb3.0.76&Prime;][\/et_pb_fullwidth_image][\/et_pb_section][et_pb_section fb_built=\u00a0\u00bb1&Prime; _builder_version=\u00a0\u00bb3.0.76&Prime;][et_pb_row _builder_version=\u00a0\u00bb3.0.76&Prime;][et_pb_column type=\u00a0\u00bb4_4&Prime; _builder_version=\u00a0\u00bb3.0.47&Prime; parallax=\u00a0\u00bboff\u00a0\u00bb parallax_method=\u00a0\u00bbon\u00a0\u00bb][et_pb_text _builder_version=\u00a0\u00bb3.0.76&Prime;] Pourquoi s&rsquo;int\u00e9resser aux \u00e9quipes autonomes ? [\/et_pb_text][\/et_pb_column][\/et_pb_row][et_pb_row _builder_version=\u00a0\u00bb3.0.76&Prime;][et_pb_column type=\u00a0\u00bb1_2&Prime; _builder_version=\u00a0\u00bb3.0.47&Prime; parallax=\u00a0\u00bboff\u00a0\u00bb parallax_method=\u00a0\u00bbon\u00a0\u00bb][et_pb_blurb title=\u00a0\u00bbPour l&rsquo;organisation\u00a0\u00bb use_icon=\u00a0\u00bbon\u00a0\u00bb font_icon=\u00a0\u00bb%%144%%\u00a0\u00bb icon_color=\u00a0\u00bb#ff7f00&Prime; admin_label=\u00a0\u00bbPour l&rsquo;organisation\u00a0\u00bb _builder_version=\u00a0\u00bb3.0.76&Prime; header_text_align=\u00a0\u00bbcenter\u00a0\u00bb text_orientation=\u00a0\u00bbcenter\u00a0\u00bb] Parce que les \u00e9quipes autonomes r\u00e9pondent mieux \u00e0 l&rsquo;accroissement du niveau de compl\u00e9xit\u00e9 et d&rsquo;incertitude auxquelles les organisations sont [&hellip;]<\/p>\n","protected":false},"author":1,"featured_media":0,"parent":0,"menu_order":0,"comment_status":"closed","ping_status":"closed","template":"","meta":[],"_links":{"self":[{"href":"http:\/\/opcg.fr\/index.php\/wp-json\/wp\/v2\/pages\/128"}],"collection":[{"href":"http:\/\/opcg.fr\/index.php\/wp-json\/wp\/v2\/pages"}],"about":[{"href":"http:\/\/opcg.fr\/index.php\/wp-json\/wp\/v2\/types\/page"}],"author":[{"embeddable":true,"href":"http:\/\/opcg.fr\/index.php\/wp-json\/wp\/v2\/users\/1"}],"replies":[{"embeddable":true,"href":"http:\/\/opcg.fr\/index.php\/wp-json\/wp\/v2\/comments?post=128"}],"version-history":[{"count":135,"href":"http:\/\/opcg.fr\/index.php\/wp-json\/wp\/v2\/pages\/128\/revisions"}],"predecessor-version":[{"id":1038,"href":"http:\/\/opcg.fr\/index.php\/wp-json\/wp\/v2\/pages\/128\/revisions\/1038"}],"wp:attachment":[{"href":"http:\/\/opcg.fr\/index.php\/wp-json\/wp\/v2\/media?parent=128"}],"curies":[{"name":"wp","href":"https:\/\/api.w.org\/{rel}","templated":true}]}}