{"id":65,"date":"2017-10-31T10:44:00","date_gmt":"2017-10-31T09:44:00","guid":{"rendered":"http:\/\/opcg.fr\/?page_id=65"},"modified":"2021-11-23T16:40:52","modified_gmt":"2021-11-23T15:40:52","slug":"coaching","status":"publish","type":"page","link":"http:\/\/opcg.fr\/index.php\/coaching\/","title":{"rendered":"Coaching d&rsquo;organisation"},"content":{"rendered":"<p>[et_pb_section fb_built=\u00a0\u00bb1&Prime; fullwidth=\u00a0\u00bbon\u00a0\u00bb _builder_version=\u00a0\u00bb3.0.47&Prime;][et_pb_fullwidth_header background_layout=\u00a0\u00bbdark\u00a0\u00bb text_orientation=\u00a0\u00bbcenter\u00a0\u00bb header_fullscreen=\u00a0\u00bbon\u00a0\u00bb background_overlay_color=\u00a0\u00bbrgba(0,0,0,0)\u00a0\u00bb content_orientation=\u00a0\u00bbbottom\u00a0\u00bb _builder_version=\u00a0\u00bb3.0.76&Prime; title_font=\u00a0\u00bb||on||\u00a0\u00bb title_font_size=\u00a0\u00bb50px\u00a0\u00bb content_font=\u00a0\u00bb||on||\u00a0\u00bb content_font_size=\u00a0\u00bb50px\u00a0\u00bb subhead_font_size=\u00a0\u00bb50px\u00a0\u00bb background_image=\u00a0\u00bbhttp:\/\/opcg.fr\/wp-content\/uploads\/2017\/10\/pexels-photo-443383.jpeg\u00a0\u00bb]<\/p>\n<h1 style=\"text-align: center;\">OPCG<\/h1>\n<h2 style=\"text-align: center;\">Consid\u00e9rer l&rsquo;organisation comme une personne<\/h2>\n<p>[\/et_pb_fullwidth_header][\/et_pb_section][et_pb_section fb_built=\u00a0\u00bb1&Prime; _builder_version=\u00a0\u00bb3.0.47&Prime;][et_pb_row _builder_version=\u00a0\u00bb3.0.47&Prime; background_size=\u00a0\u00bbinitial\u00a0\u00bb background_position=\u00a0\u00bbtop_left\u00a0\u00bb background_repeat=\u00a0\u00bbrepeat\u00a0\u00bb _i=\u00a0\u00bb0&Prime; _address=\u00a0\u00bb1.0&Prime;][et_pb_column type=\u00a0\u00bb4_4&Prime; _builder_version=\u00a0\u00bb3.0.47&Prime; parallax=\u00a0\u00bboff\u00a0\u00bb parallax_method=\u00a0\u00bbon\u00a0\u00bb][et_pb_text admin_label=\u00a0\u00bbLes b\u00e9n\u00e9fices attendus\u00a0\u00bb _builder_version=\u00a0\u00bb3.0.76&Prime;]<\/p>\n<h1 style=\"text-align: center;\"><strong>Les b\u00e9n\u00e9fices attendus<\/strong><\/h1>\n<p>[\/et_pb_text][\/et_pb_column][\/et_pb_row][et_pb_row _builder_version=\u00a0\u00bb3.0.47&Prime; background_size=\u00a0\u00bbinitial\u00a0\u00bb background_position=\u00a0\u00bbtop_left\u00a0\u00bb background_repeat=\u00a0\u00bbrepeat\u00a0\u00bb _i=\u00a0\u00bb1&Prime; _address=\u00a0\u00bb1.1&Prime;][et_pb_column type=\u00a0\u00bb1_2&Prime; _builder_version=\u00a0\u00bb3.0.47&Prime; parallax=\u00a0\u00bboff\u00a0\u00bb parallax_method=\u00a0\u00bbon\u00a0\u00bb][et_pb_blurb title=\u00a0\u00bbPour l&rsquo;organisation\u00a0\u00bb use_icon=\u00a0\u00bbon\u00a0\u00bb font_icon=\u00a0\u00bb%%144%%\u00a0\u00bb icon_color=\u00a0\u00bb#ff7900&Prime; admin_label=\u00a0\u00bbPour l&rsquo;organisation\u00a0\u00bb _builder_version=\u00a0\u00bb3.0.76&Prime; header_text_align=\u00a0\u00bbcenter\u00a0\u00bb text_orientation=\u00a0\u00bbcenter\u00a0\u00bb]<\/p>\n<p>\u00a0<\/p>\n<p style=\"text-align: center;\"><strong>L&rsquo;alignement entre la strat\u00e9gie, les projets collectifs et les aspirations individuelles<\/strong><\/p>\n<p style=\"text-align: center;\"><strong>L&rsquo;adaptation des processus<\/strong> \u00e0 la r\u00e9alit\u00e9 des personnes et au d\u00e9veloppement de l&rsquo;auto-contr\u00f4le<\/p>\n<p style=\"text-align: center;\"><strong>L&rsquo;adaptation des ressources<\/strong> \u00e0 la satisfaction r\u00e9elle des clients et des salari\u00e9s<\/p>\n<p style=\"text-align: center;\"><strong>L&rsquo;accroissement de la confiance organisationnelle<\/strong> \u00e0 base de respect et de bienveillance<\/p>\n<p>[\/et_pb_blurb][\/et_pb_column][et_pb_column type=\u00a0\u00bb1_2&Prime; _builder_version=\u00a0\u00bb3.0.47&Prime; parallax=\u00a0\u00bboff\u00a0\u00bb parallax_method=\u00a0\u00bbon\u00a0\u00bb][et_pb_blurb title=\u00a0\u00bbPour les salari\u00e9s et le management\u00a0\u00bb use_icon=\u00a0\u00bbon\u00a0\u00bb font_icon=\u00a0\u00bb%%259%%\u00a0\u00bb icon_color=\u00a0\u00bb#ff7900&Prime; admin_label=\u00a0\u00bbPour les salari\u00e9s et le management\u00a0\u00bb _builder_version=\u00a0\u00bb3.0.76&Prime; header_text_align=\u00a0\u00bbcenter\u00a0\u00bb text_orientation=\u00a0\u00bbcenter\u00a0\u00bb]<\/p>\n<p>\u00a0<\/p>\n<p style=\"text-align: center;\">La <strong>clarification du cadre<\/strong> de fonctionnement permettant de fluidifier les relations<br \/>\n<strong>L&rsquo;accroissement de la confiance<\/strong> dans les interactions entre les salari\u00e9s et les parties prenantes<br \/>\nLe d\u00e9veloppement du <strong>sentiment de reconnaissance et de plaisir au travail<\/strong> collectif et individuel<\/p>\n<p>[\/et_pb_blurb][\/et_pb_column][\/et_pb_row][et_pb_row _builder_version=\u00a0\u00bb3.0.47&Prime; background_size=\u00a0\u00bbinitial\u00a0\u00bb background_position=\u00a0\u00bbtop_left\u00a0\u00bb background_repeat=\u00a0\u00bbrepeat\u00a0\u00bb _i=\u00a0\u00bb2&Prime; _address=\u00a0\u00bb1.2&Prime;][et_pb_column type=\u00a0\u00bb4_4&Prime; _builder_version=\u00a0\u00bb3.0.47&Prime; parallax=\u00a0\u00bboff\u00a0\u00bb parallax_method=\u00a0\u00bbon\u00a0\u00bb][et_pb_divider color=\u00a0\u00bb#939393&Prime; show_divider=\u00a0\u00bbon\u00a0\u00bb divider_style=\u00a0\u00bbsolid\u00a0\u00bb divider_position=\u00a0\u00bbtop\u00a0\u00bb height=\u00a0\u00bb1px\u00a0\u00bb _builder_version=\u00a0\u00bb3.0.76&Prime;][\/et_pb_divider][\/et_pb_column][\/et_pb_row][et_pb_row _builder_version=\u00a0\u00bb3.0.47&Prime; background_size=\u00a0\u00bbinitial\u00a0\u00bb background_position=\u00a0\u00bbtop_left\u00a0\u00bb background_repeat=\u00a0\u00bbrepeat\u00a0\u00bb _i=\u00a0\u00bb3&Prime; _address=\u00a0\u00bb1.3&Prime;][et_pb_column type=\u00a0\u00bb4_4&Prime; _builder_version=\u00a0\u00bb3.0.47&Prime; parallax=\u00a0\u00bboff\u00a0\u00bb parallax_method=\u00a0\u00bbon\u00a0\u00bb][et_pb_text admin_label=\u00a0\u00bbLa singularit\u00e9 d&rsquo;OPCG\u00a0\u00bb _builder_version=\u00a0\u00bb3.0.76&Prime; header_text_align=\u00a0\u00bbcenter\u00a0\u00bb text_orientation=\u00a0\u00bbcenter\u00a0\u00bb module_alignment=\u00a0\u00bbcenter\u00a0\u00bb]<\/p>\n<h1 style=\"text-align: center;\"><strong>La singularit\u00e9 d&rsquo;OPCG<\/strong><\/h1>\n<p>\u00a0<\/p>\n<p style=\"text-align: center;\">Notre singularit\u00e9 est d&rsquo;\u00eatre particuli\u00e8rement attentif \u00e0 la parole du terrain en respectant le principe d&rsquo;action<\/p>\n<h4 style=\"text-align: center;\"><strong>\u00a0\u00bb C&rsquo;est celui qui fait qui sait \u00ab\u00a0<\/strong><\/h4>\n<p>\u00a0<\/p>\n<p>\u00a0<\/p>\n<p>[\/et_pb_text][et_pb_image src=\u00a0\u00bbhttp:\/\/opcg.fr\/wp-content\/uploads\/2018\/03\/dessin-coaching-dorganisation.png\u00a0\u00bb align=\u00a0\u00bbcenter\u00a0\u00bb _builder_version=\u00a0\u00bb3.0.76&Prime;][\/et_pb_image][\/et_pb_column][\/et_pb_row][et_pb_row _builder_version=\u00a0\u00bb3.0.47&Prime; background_size=\u00a0\u00bbinitial\u00a0\u00bb background_position=\u00a0\u00bbtop_left\u00a0\u00bb background_repeat=\u00a0\u00bbrepeat\u00a0\u00bb _i=\u00a0\u00bb4&Prime; _address=\u00a0\u00bb1.4&Prime;][et_pb_column type=\u00a0\u00bb4_4&Prime; _builder_version=\u00a0\u00bb3.0.47&Prime; parallax=\u00a0\u00bboff\u00a0\u00bb parallax_method=\u00a0\u00bbon\u00a0\u00bb][et_pb_divider color=\u00a0\u00bb#939393&Prime; show_divider=\u00a0\u00bbon\u00a0\u00bb divider_style=\u00a0\u00bbsolid\u00a0\u00bb divider_position=\u00a0\u00bbtop\u00a0\u00bb height=\u00a0\u00bb1px\u00a0\u00bb _builder_version=\u00a0\u00bb3.0.76&Prime;][\/et_pb_divider][\/et_pb_column][\/et_pb_row][et_pb_row _builder_version=\u00a0\u00bb3.0.47&Prime; background_size=\u00a0\u00bbinitial\u00a0\u00bb background_position=\u00a0\u00bbtop_left\u00a0\u00bb background_repeat=\u00a0\u00bbrepeat\u00a0\u00bb _i=\u00a0\u00bb5&Prime; _address=\u00a0\u00bb1.5&Prime;][et_pb_column type=\u00a0\u00bb4_4&Prime; _builder_version=\u00a0\u00bb3.0.47&Prime; parallax=\u00a0\u00bboff\u00a0\u00bb parallax_method=\u00a0\u00bbon\u00a0\u00bb][et_pb_text admin_label=\u00a0\u00bbNotre offre de services et de formations\u00a0\u00bb _builder_version=\u00a0\u00bb3.0.76&Prime;]<\/p>\n<h1 style=\"text-align: center;\"><strong>Notre offre de services et de formations<\/strong><\/h1>\n<p>[\/et_pb_text][\/et_pb_column][\/et_pb_row][et_pb_row _builder_version=\u00a0\u00bb3.0.47&Prime; background_size=\u00a0\u00bbinitial\u00a0\u00bb background_position=\u00a0\u00bbtop_left\u00a0\u00bb background_repeat=\u00a0\u00bbrepeat\u00a0\u00bb _i=\u00a0\u00bb6&Prime; _address=\u00a0\u00bb1.6&Prime;][et_pb_column type=\u00a0\u00bb1_3&Prime; _builder_version=\u00a0\u00bb3.0.47&Prime; parallax=\u00a0\u00bboff\u00a0\u00bb parallax_method=\u00a0\u00bbon\u00a0\u00bb][et_pb_blurb title=\u00a0\u00bbCoaching individuel\u00a0\u00bb use_icon=\u00a0\u00bbon\u00a0\u00bb font_icon=\u00a0\u00bb%%103%%\u00a0\u00bb icon_color=\u00a0\u00bb#ffffff\u00a0\u00bb use_circle=\u00a0\u00bbon\u00a0\u00bb circle_color=\u00a0\u00bb#ff7900&Prime; admin_label=\u00a0\u00bbCoaching individuel\u00a0\u00bb _builder_version=\u00a0\u00bb3.0.76&Prime; text_orientation=\u00a0\u00bbcenter\u00a0\u00bb]<\/p>\n<p style=\"text-align: center;\">Permettre aux b\u00e9n\u00e9ficiaires de l&rsquo;action de coaching de trouver leurs solutions en acc\u00e9dant \u00e0 leurs ressources internes<\/p>\n<p>[\/et_pb_blurb][\/et_pb_column][et_pb_column type=\u00a0\u00bb1_3&Prime; _builder_version=\u00a0\u00bb3.0.47&Prime; parallax=\u00a0\u00bboff\u00a0\u00bb parallax_method=\u00a0\u00bbon\u00a0\u00bb][et_pb_blurb title=\u00a0\u00bbCoaching d&rsquo;\u00e9quipes\u00a0\u00bb use_icon=\u00a0\u00bbon\u00a0\u00bb font_icon=\u00a0\u00bb%%52%%\u00a0\u00bb icon_color=\u00a0\u00bb#ffffff\u00a0\u00bb use_circle=\u00a0\u00bbon\u00a0\u00bb circle_color=\u00a0\u00bb#ff7900&Prime; admin_label=\u00a0\u00bbCoaching d&rsquo;\u00e9quipes\u00a0\u00bb _builder_version=\u00a0\u00bb3.0.76&Prime; text_orientation=\u00a0\u00bbcenter\u00a0\u00bb]<\/p>\n<p style=\"text-align: center;\">Permettre aux \u00e9quipes de se mettre en mouvement sur des actions \u00e0 r\u00e9aliser en prenant en compte la complexit\u00e9 de chacune des personnes et des \u00e9quipes eux-m\u00eames<\/p>\n<p>[\/et_pb_blurb][\/et_pb_column][et_pb_column type=\u00a0\u00bb1_3&Prime; _builder_version=\u00a0\u00bb3.0.47&Prime; parallax=\u00a0\u00bboff\u00a0\u00bb parallax_method=\u00a0\u00bbon\u00a0\u00bb][et_pb_blurb title=\u00a0\u00bbCo-d\u00e9veloppement\u00a0\u00bb use_icon=\u00a0\u00bbon\u00a0\u00bb font_icon=\u00a0\u00bb%%101%%\u00a0\u00bb icon_color=\u00a0\u00bb#ffffff\u00a0\u00bb use_circle=\u00a0\u00bbon\u00a0\u00bb circle_color=\u00a0\u00bb#ff7900&Prime; admin_label=\u00a0\u00bbCo-d\u00e9veloppement\u00a0\u00bb _builder_version=\u00a0\u00bb3.0.76&Prime; header_text_align=\u00a0\u00bbcenter\u00a0\u00bb text_orientation=\u00a0\u00bbcenter\u00a0\u00bb]<\/p>\n<p style=\"text-align: center;\">Permettre aux participants qui croient pouvoir apprendre les uns des autres en s&rsquo;int\u00e9ressant \u00e0 la probl\u00e9matique de l&rsquo;un d&rsquo;eux \u00e0 chaque rencontre dans un esprit d&rsquo;intelligence collective<\/p>\n<p>[\/et_pb_blurb][\/et_pb_column][\/et_pb_row][et_pb_row _builder_version=\u00a0\u00bb3.0.47&Prime; background_size=\u00a0\u00bbinitial\u00a0\u00bb background_position=\u00a0\u00bbtop_left\u00a0\u00bb background_repeat=\u00a0\u00bbrepeat\u00a0\u00bb _i=\u00a0\u00bb7&Prime; _address=\u00a0\u00bb1.7&Prime;][et_pb_column type=\u00a0\u00bb1_3&Prime; _builder_version=\u00a0\u00bb3.0.47&Prime; parallax=\u00a0\u00bboff\u00a0\u00bb parallax_method=\u00a0\u00bbon\u00a0\u00bb][et_pb_blurb title=\u00a0\u00bbPartage de pratiques\u00a0\u00bb use_icon=\u00a0\u00bbon\u00a0\u00bb font_icon=\u00a0\u00bb%%71%%\u00a0\u00bb icon_color=\u00a0\u00bb#ffffff\u00a0\u00bb use_circle=\u00a0\u00bbon\u00a0\u00bb circle_color=\u00a0\u00bb#ff7900&Prime; admin_label=\u00a0\u00bbPartage de pratiques\u00a0\u00bb _builder_version=\u00a0\u00bb3.0.76&Prime; text_orientation=\u00a0\u00bbcenter\u00a0\u00bb]<\/p>\n<p style=\"text-align: center;\">Identifier des savoirs diff\u00e9renciants, les r\u00e9v\u00e9ler, les partager dans un \u00e9tat d&rsquo;esprit de collectif consciemment comp\u00e9tent<\/p>\n<p>[\/et_pb_blurb][\/et_pb_column][et_pb_column type=\u00a0\u00bb1_3&Prime; _builder_version=\u00a0\u00bb3.0.47&Prime; parallax=\u00a0\u00bboff\u00a0\u00bb parallax_method=\u00a0\u00bbon\u00a0\u00bb][et_pb_blurb title=\u00a0\u00bbFormations ponctuelles\u00a0\u00bb use_icon=\u00a0\u00bbon\u00a0\u00bb font_icon=\u00a0\u00bb%%305%%\u00a0\u00bb icon_color=\u00a0\u00bb#ffffff\u00a0\u00bb use_circle=\u00a0\u00bbon\u00a0\u00bb circle_color=\u00a0\u00bb#ff7900&Prime; admin_label=\u00a0\u00bbFormations ponctuelles\u00a0\u00bb _builder_version=\u00a0\u00bb3.0.76&Prime; text_orientation=\u00a0\u00bbcenter\u00a0\u00bb]<\/p>\n<p style=\"text-align: center;\">Ce sont des formations sp\u00e9cifiques, adapt\u00e9es aux besoins identifi\u00e9s qui permettent de transmettre une connaissance pr\u00e9cise \u00e0 des personnes dont la r\u00e9ussite est conditionn\u00e9e par ces connaissances<\/p>\n<p>[\/et_pb_blurb][\/et_pb_column][et_pb_column type=\u00a0\u00bb1_3&Prime; _builder_version=\u00a0\u00bb3.0.47&Prime; parallax=\u00a0\u00bboff\u00a0\u00bb parallax_method=\u00a0\u00bbon\u00a0\u00bb][et_pb_blurb title=\u00a0\u00bbAccompagnement de projets \u00a0\u00bb use_icon=\u00a0\u00bbon\u00a0\u00bb font_icon=\u00a0\u00bb%%155%%\u00a0\u00bb icon_color=\u00a0\u00bb#ffffff\u00a0\u00bb use_circle=\u00a0\u00bbon\u00a0\u00bb circle_color=\u00a0\u00bb#ff7900&Prime; admin_label=\u00a0\u00bbAccompagnement de projets \u00a0\u00bb _builder_version=\u00a0\u00bb3.0.76&Prime; text_orientation=\u00a0\u00bbcenter\u00a0\u00bb]<\/p>\n<p style=\"text-align: center;\">Permettre au porteur de projet ainsi qu&rsquo;aux membres de l&rsquo;\u00e9quipe projet de clarifier les attendus, les ressources, les droits et les devoirs de chacun afin \u00ab\u00a0d&#8217;embarquer\u00a0\u00bb tous les acteurs dans une relation non-hi\u00e9rarchique<\/p>\n<p>[\/et_pb_blurb][\/et_pb_column][\/et_pb_row][et_pb_row _builder_version=\u00a0\u00bb3.0.47&Prime; background_size=\u00a0\u00bbinitial\u00a0\u00bb background_position=\u00a0\u00bbtop_left\u00a0\u00bb background_repeat=\u00a0\u00bbrepeat\u00a0\u00bb _i=\u00a0\u00bb8&Prime; _address=\u00a0\u00bb1.8&Prime;][et_pb_column type=\u00a0\u00bb4_4&Prime; _builder_version=\u00a0\u00bb3.0.47&Prime; parallax=\u00a0\u00bboff\u00a0\u00bb parallax_method=\u00a0\u00bbon\u00a0\u00bb][et_pb_cta button_url=\u00a0\u00bbhttps:\/\/documentcloud.adobe.com\/link\/track?uri=urn:aaid:scds:US:12193db2-1ea8-401a-a9fb-41bae833f59a\u00a0\u00bb button_text=\u00a0\u00bbNos offres de formation\u00a0\u00bb use_background_color=\u00a0\u00bboff\u00a0\u00bb _builder_version=\u00a0\u00bb3.0.76&Prime; header_text_color=\u00a0\u00bb#ff7900&Prime; body_text_color=\u00a0\u00bb#ff7900&Prime; max_width=\u00a0\u00bb50%\u00a0\u00bb][\/et_pb_cta][\/et_pb_column][\/et_pb_row][\/et_pb_section]<\/p>\n","protected":false},"excerpt":{"rendered":"<p>[et_pb_section fb_built=\u00a0\u00bb1&Prime; fullwidth=\u00a0\u00bbon\u00a0\u00bb _builder_version=\u00a0\u00bb3.0.47&Prime;][et_pb_fullwidth_header background_layout=\u00a0\u00bbdark\u00a0\u00bb text_orientation=\u00a0\u00bbcenter\u00a0\u00bb header_fullscreen=\u00a0\u00bbon\u00a0\u00bb background_overlay_color=\u00a0\u00bbrgba(0,0,0,0)\u00a0\u00bb content_orientation=\u00a0\u00bbbottom\u00a0\u00bb _builder_version=\u00a0\u00bb3.0.76&Prime; title_font=\u00a0\u00bb||on||\u00a0\u00bb title_font_size=\u00a0\u00bb50px\u00a0\u00bb content_font=\u00a0\u00bb||on||\u00a0\u00bb content_font_size=\u00a0\u00bb50px\u00a0\u00bb subhead_font_size=\u00a0\u00bb50px\u00a0\u00bb background_image=\u00a0\u00bbhttp:\/\/opcg.fr\/wp-content\/uploads\/2017\/10\/pexels-photo-443383.jpeg\u00a0\u00bb] OPCG Consid\u00e9rer l&rsquo;organisation comme une personne [\/et_pb_fullwidth_header][\/et_pb_section][et_pb_section fb_built=\u00a0\u00bb1&Prime; _builder_version=\u00a0\u00bb3.0.47&Prime;][et_pb_row _builder_version=\u00a0\u00bb3.0.47&Prime; background_size=\u00a0\u00bbinitial\u00a0\u00bb background_position=\u00a0\u00bbtop_left\u00a0\u00bb background_repeat=\u00a0\u00bbrepeat\u00a0\u00bb _i=\u00a0\u00bb0&Prime; _address=\u00a0\u00bb1.0&Prime;][et_pb_column type=\u00a0\u00bb4_4&Prime; _builder_version=\u00a0\u00bb3.0.47&Prime; parallax=\u00a0\u00bboff\u00a0\u00bb parallax_method=\u00a0\u00bbon\u00a0\u00bb][et_pb_text admin_label=\u00a0\u00bbLes b\u00e9n\u00e9fices attendus\u00a0\u00bb _builder_version=\u00a0\u00bb3.0.76&Prime;] Les b\u00e9n\u00e9fices attendus [\/et_pb_text][\/et_pb_column][\/et_pb_row][et_pb_row _builder_version=\u00a0\u00bb3.0.47&Prime; background_size=\u00a0\u00bbinitial\u00a0\u00bb background_position=\u00a0\u00bbtop_left\u00a0\u00bb background_repeat=\u00a0\u00bbrepeat\u00a0\u00bb _i=\u00a0\u00bb1&Prime; _address=\u00a0\u00bb1.1&Prime;][et_pb_column type=\u00a0\u00bb1_2&Prime; _builder_version=\u00a0\u00bb3.0.47&Prime; parallax=\u00a0\u00bboff\u00a0\u00bb parallax_method=\u00a0\u00bbon\u00a0\u00bb][et_pb_blurb title=\u00a0\u00bbPour l&rsquo;organisation\u00a0\u00bb [&hellip;]<\/p>\n","protected":false},"author":1,"featured_media":0,"parent":0,"menu_order":0,"comment_status":"closed","ping_status":"closed","template":"","meta":[],"_links":{"self":[{"href":"http:\/\/opcg.fr\/index.php\/wp-json\/wp\/v2\/pages\/65"}],"collection":[{"href":"http:\/\/opcg.fr\/index.php\/wp-json\/wp\/v2\/pages"}],"about":[{"href":"http:\/\/opcg.fr\/index.php\/wp-json\/wp\/v2\/types\/page"}],"author":[{"embeddable":true,"href":"http:\/\/opcg.fr\/index.php\/wp-json\/wp\/v2\/users\/1"}],"replies":[{"embeddable":true,"href":"http:\/\/opcg.fr\/index.php\/wp-json\/wp\/v2\/comments?post=65"}],"version-history":[{"count":62,"href":"http:\/\/opcg.fr\/index.php\/wp-json\/wp\/v2\/pages\/65\/revisions"}],"predecessor-version":[{"id":1009,"href":"http:\/\/opcg.fr\/index.php\/wp-json\/wp\/v2\/pages\/65\/revisions\/1009"}],"wp:attachment":[{"href":"http:\/\/opcg.fr\/index.php\/wp-json\/wp\/v2\/media?parent=65"}],"curies":[{"name":"wp","href":"https:\/\/api.w.org\/{rel}","templated":true}]}}